{"id":6,"date":"2025-01-21T15:29:07","date_gmt":"2025-01-21T14:29:07","guid":{"rendered":"https:\/\/eventi.forbes.it\/pharma-awards-esg-2025\/?page_id=6"},"modified":"2026-04-07T17:20:04","modified_gmt":"2026-04-07T15:20:04","slug":"forbes-pharma-awards-esg-sustainability-2026","status":"publish","type":"page","link":"https:\/\/eventi.forbes.it\/pharma-awards-esg-2026\/","title":{"rendered":"Forbes Pharma Awards ESG Sustainability 2026"},"content":{"rendered":"\n<div class=\"wp-block-group forbes-loghi is-nowrap is-layout-flex wp-container-core-group-is-layout-6c531013 wp-block-group-is-layout-flex\">\n<figure class=\"wp-block-image size-full\"><a href=\"https:\/\/forbes.it\" target=\"_blank\" rel=\" noreferrer noopener\"><img loading=\"lazy\" decoding=\"async\" width=\"600\" height=\"205\" src=\"http:\/\/eventi.forbes.it\/pharma-awards-esg-2025\/wp-content\/uploads\/sites\/11\/2025\/01\/forbes-italia.png\" alt=\"\" class=\"wp-image-12\" title=\"Forbes.it\" srcset=\"https:\/\/eventi.forbes.it\/pharma-awards-esg-2026\/wp-content\/uploads\/sites\/11\/2025\/01\/forbes-italia.png 600w, https:\/\/eventi.forbes.it\/pharma-awards-esg-2026\/wp-content\/uploads\/sites\/11\/2025\/01\/forbes-italia-300x103.png 300w\" sizes=\"auto, (max-width: 600px) 100vw, 600px\" \/><\/a><\/figure>\n\n\n\n<figure class=\"wp-block-image size-full\"><a href=\"https:\/\/www.mpfilm.it\/\" target=\"_blank\" rel=\" noreferrer noopener\"><img loading=\"lazy\" decoding=\"async\" width=\"599\" height=\"600\" src=\"http:\/\/eventi.forbes.it\/pharma-awards-esg-2025\/wp-content\/uploads\/sites\/11\/2025\/01\/mpfilm.png\" alt=\"\" class=\"wp-image-13\" srcset=\"https:\/\/eventi.forbes.it\/pharma-awards-esg-2026\/wp-content\/uploads\/sites\/11\/2025\/01\/mpfilm.png 599w, https:\/\/eventi.forbes.it\/pharma-awards-esg-2026\/wp-content\/uploads\/sites\/11\/2025\/01\/mpfilm-300x300.png 300w, https:\/\/eventi.forbes.it\/pharma-awards-esg-2026\/wp-content\/uploads\/sites\/11\/2025\/01\/mpfilm-150x150.png 150w\" sizes=\"auto, (max-width: 599px) 100vw, 599px\" \/><\/a><\/figure>\n\n\n\n<figure class=\"wp-block-image size-full\"><a href=\"https:\/\/www.proformatcomunicazione.it\/\" target=\"_blank\" rel=\" noreferrer noopener\"><img loading=\"lazy\" decoding=\"async\" width=\"566\" height=\"180\" src=\"http:\/\/eventi.forbes.it\/pharma-awards-esg-2025\/wp-content\/uploads\/sites\/11\/2025\/01\/Prima-comunicazione.png\" alt=\"\" class=\"wp-image-15\" srcset=\"https:\/\/eventi.forbes.it\/pharma-awards-esg-2026\/wp-content\/uploads\/sites\/11\/2025\/01\/Prima-comunicazione.png 566w, https:\/\/eventi.forbes.it\/pharma-awards-esg-2026\/wp-content\/uploads\/sites\/11\/2025\/01\/Prima-comunicazione-300x95.png 300w\" sizes=\"auto, (max-width: 566px) 100vw, 566px\" \/><\/a><\/figure>\n<\/div>\n\n\n\n<div style=\"height:31px\" aria-hidden=\"true\" class=\"wp-block-spacer\"><\/div>\n\n\n<nav class=\"forbes-home-menu alignwide\" x-data=\"{\n    currentIndex: 0,\n    changeSection(index) {\n        this.currentIndex = index;\n        const anchor = this.$refs['anchor-' + index].href;\n        const [_, anchorId] = anchor.split('#');\n        const element = document.getElementById(anchorId);\n        if (element) {\n            const existingActiveSection = document.querySelectorAll('.forbes-active-section');\n            if (existingActiveSection) {\n                for (i = 0; i < existingActiveSection.length; i++) {\n                    existingActiveSection[i].classList.remove('forbes-active-section');\n                }\n            }\n            element.classList.add('forbes-active-section');\n        }\n    }\n}\">\n    <ul>\n                    <li :class=\"currentIndex === 0 ? 'active' : ''\"><a x-ref=\"anchor-0\" href=\"#chi-siamo\" @click=\"changeSection(0)\">Chi siamo<\/a><\/li>\n                    <li :class=\"currentIndex === 1 ? 'active' : ''\"><a x-ref=\"anchor-1\" href=\"#come-partecipare\" @click=\"changeSection(1)\">Come partecipare<\/a><\/li>\n                    <li :class=\"currentIndex === 2 ? 'active' : ''\"><a x-ref=\"anchor-2\" href=\"#categorie\" @click=\"changeSection(2)\">Categorie<\/a><\/li>\n                    <li :class=\"currentIndex === 3 ? 'active' : ''\"><a x-ref=\"anchor-3\" href=\"#premiazione\" @click=\"changeSection(3)\">Premiazione<\/a><\/li>\n                    <li :class=\"currentIndex === 4 ? 'active' : ''\"><a x-ref=\"anchor-4\" href=\"#giuria\" @click=\"changeSection(4)\">Giuria<\/a><\/li>\n            <\/ul>\n<\/nav>\n\n\n\n<div style=\"height:100px\" aria-hidden=\"true\" class=\"wp-block-spacer\"><\/div>\n\n\n\n<figure class=\"wp-block-image size-full forbes-title-image\"><img loading=\"lazy\" decoding=\"async\" width=\"2560\" height=\"649\" src=\"https:\/\/eventi.forbes.it\/pharma-awards-esg-2026\/wp-content\/uploads\/sites\/11\/2026\/03\/Logo_Pharma-Awards-2026-scaled.png\" alt=\"\" class=\"wp-image-256\" srcset=\"https:\/\/eventi.forbes.it\/pharma-awards-esg-2026\/wp-content\/uploads\/sites\/11\/2026\/03\/Logo_Pharma-Awards-2026-scaled.png 2560w, https:\/\/eventi.forbes.it\/pharma-awards-esg-2026\/wp-content\/uploads\/sites\/11\/2026\/03\/Logo_Pharma-Awards-2026-300x76.png 300w, https:\/\/eventi.forbes.it\/pharma-awards-esg-2026\/wp-content\/uploads\/sites\/11\/2026\/03\/Logo_Pharma-Awards-2026-1024x260.png 1024w, https:\/\/eventi.forbes.it\/pharma-awards-esg-2026\/wp-content\/uploads\/sites\/11\/2026\/03\/Logo_Pharma-Awards-2026-768x195.png 768w, https:\/\/eventi.forbes.it\/pharma-awards-esg-2026\/wp-content\/uploads\/sites\/11\/2026\/03\/Logo_Pharma-Awards-2026-1536x389.png 1536w, https:\/\/eventi.forbes.it\/pharma-awards-esg-2026\/wp-content\/uploads\/sites\/11\/2026\/03\/Logo_Pharma-Awards-2026-2048x519.png 2048w\" sizes=\"auto, (max-width: 2560px) 100vw, 2560px\" \/><\/figure>\n\n\n\n<div style=\"height:100px\" aria-hidden=\"true\" class=\"wp-block-spacer\"><\/div>\n\n\n\n<div class=\"wp-block-group alignwide forbes-chi-siamo has-global-padding is-layout-constrained wp-block-group-is-layout-constrained\" id=\"chi-siamo\">\n<div class=\"wp-block-columns alignwide forbes-block-bg forbes-chi-siamo-splash is-layout-flex wp-container-core-columns-is-layout-13880e78 wp-block-columns-is-layout-flex\" style=\"padding-top:0;padding-right:0;padding-bottom:0;padding-left:0\">\n<div class=\"wp-block-column is-vertically-aligned-center is-layout-flow wp-block-column-is-layout-flow\">\n<h2 class=\"wp-block-heading\"><strong>Forbes Italia<br>ESG-Sustainability<br>Pharma Awards<\/strong><\/h2>\n\n\n\n<p>Promuove l&#8217;eccellenza nel campo della sostenibilit\u00e0 ambientale, sociale e di governance nel settore farmaceutico<\/p>\n\n\n\n<div style=\"height:31px\" aria-hidden=\"true\" class=\"wp-block-spacer\"><\/div>\n\n\n\n<div class=\"wp-block-buttons is-layout-flex wp-block-buttons-is-layout-flex\">\n<div class=\"wp-block-button btn-wrapper\"><a class=\"wp-block-button__link wp-element-button\" href=\"mailto:premioforbes@proformat.it\" target=\"_blank\" rel=\"noreferrer noopener\">Invia la candidatura<\/a><\/div>\n\n\n\n<div class=\"wp-block-button btn-wrapper btn-secondary\"><a class=\"wp-block-button__link wp-element-button\" href=\"http:\/\/eventi.forbes.it\/pharma-awards-esg-2026\/wp-content\/uploads\/sites\/11\/2026\/03\/Bando_FESAP_2026-1.pdf\" target=\"_blank\" rel=\"noreferrer noopener\">Scarica il bando<\/a><\/div>\n<\/div>\n<\/div>\n\n\n\n<div class=\"wp-block-column is-layout-flow wp-block-column-is-layout-flow\">\n<figure class=\"wp-block-image size-full\"><img loading=\"lazy\" decoding=\"async\" width=\"617\" height=\"619\" src=\"http:\/\/eventi.forbes.it\/pharma-awards-esg-2025\/wp-content\/uploads\/sites\/11\/2025\/01\/scientist.jpg\" alt=\"\" class=\"wp-image-17\" srcset=\"https:\/\/eventi.forbes.it\/pharma-awards-esg-2026\/wp-content\/uploads\/sites\/11\/2025\/01\/scientist.jpg 617w, https:\/\/eventi.forbes.it\/pharma-awards-esg-2026\/wp-content\/uploads\/sites\/11\/2025\/01\/scientist-300x300.jpg 300w, https:\/\/eventi.forbes.it\/pharma-awards-esg-2026\/wp-content\/uploads\/sites\/11\/2025\/01\/scientist-150x150.jpg 150w\" sizes=\"auto, (max-width: 617px) 100vw, 617px\" \/><\/figure>\n<\/div>\n<\/div>\n\n\n\n<div style=\"height:50px\" aria-hidden=\"true\" class=\"wp-block-spacer\"><\/div>\n\n\n\n<div class=\"wp-block-columns alignwide is-not-stacked-on-mobile is-layout-flex wp-container-core-columns-is-layout-28f84493 wp-block-columns-is-layout-flex\">\n<div class=\"wp-block-column is-layout-flow wp-block-column-is-layout-flow\">\n<p class=\"has-medium-font-size\">Le imprese stanno sempre pi\u00f9 integrando i criteri ESG (Environmental, Social, Governance), derivati dall\u2019Agenda ONU 2030, nelle loro strategie, riconoscendo la sostenibilit\u00e0 come un valore chiave per reputazione, competitivit\u00e0 e performance finanziarie. Il settore farmaceutico, data la sua influenza su salute e qualit\u00e0 della vita, \u00e8 particolarmente coinvolto in questa trasformazione.<\/p>\n\n\n\n<p class=\"has-medium-font-size\">BFC Media, Forbes Italia, Pro Format Comunicazione e MP Film lanciano il Forbes Italia ESG-Sustainability Pharma Awards, un premio annuale che promuove l\u2019eccellenza delle aziende farmaceutiche nei progetti legati ai criteri ESG. Il premio mira a creare un dialogo continuo nella comunit\u00e0 nazionale del farmaco e a condividere buone pratiche. Possono partecipare aziende che sviluppano progetti innovativi e misurabili, allineati agli obiettivi ESG.<\/p>\n<\/div>\n<\/div>\n\n\n\n<div style=\"height:50px\" aria-hidden=\"true\" class=\"wp-block-spacer\"><\/div>\n<\/div>\n\n\n\n<div class=\"wp-block-group alignwide forbes-sezioni has-global-padding is-content-justification-left is-layout-constrained wp-container-core-group-is-layout-12dd3699 wp-block-group-is-layout-constrained\">\n<div id=\"come-partecipare\" class=\"wp-block-group forbes-block-bg forbes-sezione is-vertical is-content-justification-stretch is-layout-flex wp-container-core-group-is-layout-353c4f5a wp-block-group-is-layout-flex\">\n<h3 class=\"wp-block-heading\">Come partecipare<\/h3>\n\n\n\n<p class=\"has-small-font-size\">Invia il tuo progetto entro il 30 Giugno 2026<\/p>\n\n\n\n<div class=\"wp-block-columns is-layout-flex wp-container-core-columns-is-layout-28f84493 wp-block-columns-is-layout-flex\">\n<div class=\"wp-block-column forbes-compact is-layout-flow wp-block-column-is-layout-flow\">\n<h4 class=\"wp-block-heading\">Passaggi chiave<\/h4>\n\n\n\n<ul class=\"wp-block-list has-medium-font-size\">\n<li>Compila la modulistica<\/li>\n\n\n\n<li>Prepara la documentazione richiesta<\/li>\n\n\n\n<li>Effettua il pagamento della quota<\/li>\n<\/ul>\n\n\n\n<div class=\"wp-block-buttons is-layout-flex wp-block-buttons-is-layout-flex\">\n<div class=\"wp-block-button btn-wrapper btn-secondary forbes-toggle-parent\"><a class=\"wp-block-button__link wp-element-button\">Scopri di pi\u00f9<\/a><\/div>\n<\/div>\n<\/div>\n\n\n\n<div class=\"wp-block-column forbes-expanded is-layout-flow wp-block-column-is-layout-flow\">\n<h4 class=\"wp-block-heading\">Per partecipare, bisogner\u00e0 predisporre la seguente documentazione:<\/h4>\n\n\n\n<ol class=\"wp-block-list has-medium-font-size\">\n<li><span style=\"text-decoration: underline\">Progetto in formato PowerPoint o PDF<\/span><br>(10 slides per una dimensione massima del file 500 MB) che includa:\n<ul class=\"wp-block-list\">\n<li>obiettivi e target del progetto<\/li>\n\n\n\n<li>caratteristiche e tempistiche<\/li>\n\n\n\n<li>descrizione chiara dell\u2019efficacia dei processi di governance implementati<\/li>\n\n\n\n<li>documentazione trasparente dei risultati, anche preliminari, disponibili al momento della candidatura. (Allegare eventuali pubblicazioni che documentino i risultati raggiunti)<\/li>\n<\/ul>\n<\/li>\n\n\n\n<li><span style=\"text-decoration: underline\">Cover del progetto<\/span><br>Un\u2019immagine in alta definizione di dimensioni 1920 (base) x 1080 (altezza) pixel.<br>Formato richiesto .pdf, .png, .jpg<\/li>\n\n\n\n<li><span style=\"text-decoration: underline\">Scheda aziendale<\/span><br>Un breve abstract dell\u2019azienda, con il dettaglio del team coinvolto (2000 battute max)<\/li>\n\n\n\n<li><span style=\"text-decoration: underline\">Copia dei bonifici<\/span> effettuati<\/li>\n\n\n\n<li>Modulo di iscrizione compilato (<a href=\"http:\/\/eventi.forbes.it\/pharma-awards-esg-2026\/wp-content\/uploads\/sites\/11\/2026\/03\/Modulo-discrizione_ESG_Awards_Forbes_2026.docx\" target=\"_blank\" rel=\"noreferrer noopener\">clicca qui per scaricarlo<\/a>)<\/li>\n<\/ol>\n\n\n\n<div class=\"wp-block-buttons is-layout-flex wp-block-buttons-is-layout-flex\">\n<div class=\"wp-block-button btn-wrapper\"><a class=\"wp-block-button__link wp-element-button\" href=\"mailto:premioforbes@proformat.it\" target=\"_blank\" rel=\"noreferrer noopener\">Invia la candidatura<\/a><\/div>\n<\/div>\n<\/div>\n<\/div>\n<\/div>\n\n\n\n<div id=\"categorie\" class=\"wp-block-group forbes-block-bg forbes-sezione is-vertical is-content-justification-stretch is-layout-flex wp-container-core-group-is-layout-353c4f5a wp-block-group-is-layout-flex\">\n<h3 class=\"wp-block-heading\">Categorie<\/h3>\n\n\n\n<p class=\"has-small-font-size\">10 Categorie per Premiare l&#8217;Eccellenza<\/p>\n\n\n\n<div class=\"wp-block-columns is-layout-flex wp-container-core-columns-is-layout-28f84493 wp-block-columns-is-layout-flex\">\n<div class=\"wp-block-column forbes-compact is-layout-flow wp-block-column-is-layout-flow\">\n<h4 class=\"wp-block-heading\">Elenco<\/h4>\n\n\n\n<ul class=\"wp-block-list has-medium-font-size\">\n<li>Accesso alle cure<\/li>\n\n\n\n<li>Sostenere la salute delle comunit\u00e0<\/li>\n\n\n\n<li>Collaborazione con le associazioni pazienti<\/li>\n<\/ul>\n\n\n\n<div class=\"wp-block-buttons is-layout-flex wp-block-buttons-is-layout-flex\">\n<div class=\"wp-block-button btn-wrapper btn-secondary forbes-toggle-parent\"><a class=\"wp-block-button__link wp-element-button\">Visualizza tutte<\/a><\/div>\n<\/div>\n<\/div>\n\n\n\n<div class=\"wp-block-column forbes-expanded is-layout-flow wp-block-column-is-layout-flow\">\n<h4 class=\"wp-block-heading\">Elenco<\/h4>\n\n\n\n<ul class=\"wp-block-list has-medium-font-size\">\n<li><a href=\"https:\/\/eventi.forbes.it\/pharma-awards-esg-2026\/categorie-awards\/miglior-progetto-per-laccesso-alle-cure\/\">Accesso alle cure<\/a><\/li>\n\n\n\n<li><a href=\"https:\/\/eventi.forbes.it\/pharma-awards-esg-2026\/categorie-awards\/miglior-progetto-per-sostenere-la-salute-delle-comunita\/\">Sostenere la salute delle comunit\u00e0<\/a><\/li>\n\n\n\n<li><a href=\"https:\/\/eventi.forbes.it\/pharma-awards-esg-2026\/categorie-awards\/miglior-progetto-di-collaborazione-con-le-associazioni-pazienti\/\">Collaborazione con le associazioni pazienti<\/a><\/li>\n\n\n\n<li><a href=\"https:\/\/eventi.forbes.it\/pharma-awards-esg-2026\/categorie-awards\/miglior-progetto-per-linclusione-e-luguaglianza-di-genere\/\">Inclusione e uguaglianza di genere<\/a><\/li>\n\n\n\n<li><a href=\"https:\/\/eventi.forbes.it\/pharma-awards-esg-2026\/categorie-awards\/miglior-progetto-di-coinvolgimento-dei-dipendenti-in-attivita-esg\/\">Coinvolgimento dei dipendenti in attivit\u00e0 ESG<\/a><\/li>\n\n\n\n<li><a href=\"https:\/\/eventi.forbes.it\/pharma-awards-esg-2026\/categorie-awards\/miglior-progetto-per-contrastare-le-disuguaglianze-sociali\/\">Contrastare le disuguaglianze sociali<\/a><\/li>\n\n\n\n<li><a href=\"https:\/\/eventi.forbes.it\/pharma-awards-esg-2026\/categorie-awards\/miglior-progetto-per-la-gestione-dellimpatto-delle-attivita-produttive-sullambiente\/\">Gestione dell&#8217;impatto delle attivit\u00e0 produttive sull&#8217;ambiente<\/a><\/li>\n\n\n\n<li><a href=\"https:\/\/eventi.forbes.it\/pharma-awards-esg-2026\/categorie-awards\/miglior-progetto-per-il-mantenimento-miglioramento-degli-ecosistemi\/\">Mantenimento\/miglioramento degli ecosistemi<\/a><\/li>\n\n\n\n<li><a href=\"https:\/\/eventi.forbes.it\/pharma-awards-esg-2026\/categorie-awards\/miglior-progetto-dedicato-a-responsabilizzazione-di-pazienti-e-cittadini\/\">Responsabilizzazione di pazienti e cittadini<\/a><\/li>\n\n\n\n<li><a href=\"https:\/\/eventi.forbes.it\/pharma-awards-esg-2026\/categorie-awards\/miglior-progetto-di-impiego-dellintelligenza-artificiale-in-ambito-salute\/\">Impiego dell&#8217;intelligenza Artificiale in ambito salute<\/a><\/li>\n<\/ul>\n<\/div>\n<\/div>\n<\/div>\n\n\n\n<div id=\"premiazione\" class=\"wp-block-group forbes-block-bg forbes-sezione is-vertical is-content-justification-stretch is-layout-flex wp-container-core-group-is-layout-353c4f5a wp-block-group-is-layout-flex\">\n<h3 class=\"wp-block-heading\">Premiazione<\/h3>\n\n\n\n<p class=\"has-small-font-size\">Un evento esclusivo<\/p>\n\n\n\n<div class=\"wp-block-columns is-layout-flex wp-container-core-columns-is-layout-28f84493 wp-block-columns-is-layout-flex\">\n<div class=\"wp-block-column forbes-compact is-layout-flow wp-block-column-is-layout-flow\">\n<p class=\"has-medium-font-size\">Tutte le aziende partecipanti riceveranno un invito all&#8217;evento di premiazione e visibilit\u00e0 sul sito ufficiale di Forbes Italia<\/p>\n\n\n\n<div class=\"wp-block-buttons is-layout-flex wp-block-buttons-is-layout-flex\">\n<div class=\"wp-block-button btn-wrapper btn-secondary forbes-toggle-parent\"><a class=\"wp-block-button__link wp-element-button\">Scopri i vantaggi<\/a><\/div>\n<\/div>\n<\/div>\n\n\n\n<div class=\"wp-block-column forbes-expanded is-layout-flow wp-block-column-is-layout-flow\">\n<p class=\"has-medium-font-size\">&nbsp;<strong>IL PREMIO&nbsp;<\/strong><\/p>\n\n\n\n<p class=\"has-medium-font-size\">Il \u201cFORBES ITALIA ESG-SUSTAINABILITY PHARMA AWARDS\u201d (di seguito il \u201c<strong>Premio<\/strong>\u201d) sar\u00e0 istituito come un percorso che coinvolger\u00e0 tutta la community nazionale del mondo del farmaco e della salute, con l\u2019obiettivo di aprire uno spazio di confronto permanente, e favorire la condivisione di buone pratiche. Concorreranno al premio aziende farmaceutiche (produttrici di farmaci e\/o dispositivi) che presenteranno una proposta\/progetto i cui obiettivi siano strettamente correlati ai criteri ESG.&nbsp;<\/p>\n\n\n\n<p class=\"has-medium-font-size\"><strong>Il Premio sar\u00e0 aperto a tutte le aziende farmaceutiche (produttrici di farmaci e dispositivi) operanti sul territorio nazionale.&nbsp;<\/strong><\/p>\n\n\n\n<p class=\"has-medium-font-size\">La partecipazione al FORBES ITALIA ESG-SUSTAINABILITY PHARMA AWARDS prevede il versamento di una quota di iscrizione da parte delle aziende partecipanti, fissata in \u20ac 2.500,00 (duemilacinquecento\/00 euro) per azienda.&nbsp;<\/p>\n\n\n\n<p class=\"has-medium-font-size\">\u00c8 previsto un costo aggiuntivo di \u20ac250,00 (duecentocinquanta\/00 euro) per ciascuna categoria ulteriore. Sar\u00e0 possibile sottomettere i progetti fino al 30 Giugno 2026.&nbsp;<\/p>\n\n\n\n<p class=\"has-medium-font-size\">Il pagamento dovr\u00e0 essere effettuato tramite bonifica bancario intestato a: <\/p>\n\n\n\n<p class=\"has-medium-font-size\"><strong>Codice IBAN:<\/strong> IT35L0569603226000005159X56<br><strong>Codice BIC\/SWIFT:<\/strong> POSOIT22XXX<br><strong>Intestazione:<\/strong> PRO FORMAT COMUNICAZIONE S.R.L.<\/p>\n\n\n\n<p class=\"has-medium-font-size\"><strong>BENEFITS&nbsp;<\/strong><\/p>\n\n\n\n<p class=\"has-medium-font-size\">L\u2019iscrizione a ogni categoria d\u00e0 diritto a un invito all\u2019evento di premiazione.&nbsp;<\/p>\n<\/div>\n<\/div>\n<\/div>\n\n\n\n<div id=\"premiazione\" class=\"wp-block-group forbes-block-bg forbes-sezione is-vertical is-content-justification-stretch is-layout-flex wp-container-core-group-is-layout-353c4f5a wp-block-group-is-layout-flex\">\n<div class=\"wp-block-columns is-layout-flex wp-container-core-columns-is-layout-28f84493 wp-block-columns-is-layout-flex\" id=\"giuria\">\n<div class=\"wp-block-column forbes-compact is-layout-flow wp-block-column-is-layout-flow\">\n<h3 class=\"wp-block-heading\">Giuria<\/h3>\n\n\n\n<p class=\"has-small-font-size\">Un panel di esperti<\/p>\n\n\n\n<p class=\"has-medium-font-size\">La giuria tecnica include esperti di ESG, rappresentanti accademici e leader del settore. <strong>Criteri principali<\/strong>: Innovazione, rilevanza, impatto sociale, coinvolgimento degli stakeholder, misurabilit\u00e0 dei risultati.<\/p>\n\n\n\n<div class=\"wp-block-buttons is-layout-flex wp-block-buttons-is-layout-flex\">\n<div class=\"wp-block-button btn-wrapper btn-secondary forbes-toggle-parent\"><a class=\"wp-block-button__link wp-element-button\">Leggi i dettagli<\/a><\/div>\n<\/div>\n<\/div>\n\n\n\n<div class=\"wp-block-column forbes-expanded is-layout-flow wp-block-column-is-layout-flow\">\n<p class=\"has-medium-font-size\">&nbsp;<strong>Composizione della Giuria&nbsp;<\/strong><\/p>\n\n\n\n<p class=\"has-medium-font-size\">La Giuria tecnica sar\u00e0 composta da esperti di ESG, Opinion Leader rappresentanti dei movimenti di cittadinanza e delle organizzazioni di charity; stampa; docenti accademici di diritto, economia e\/o Sanit\u00e0; rappresentanti di societ\u00e0 di consulenza e agenzie di comunicazione. I nominativi dei membri saranno pubblicati sul sito non appena confermati.&nbsp;<\/p>\n\n\n\n<p class=\"has-medium-font-size\"><strong>Criteri di valutazione&nbsp;<\/strong><\/p>\n\n\n\n<p class=\"has-medium-font-size\">Le proposte saranno valutate in base ai seguenti criteri:&nbsp;<\/p>\n\n\n\n<ul class=\"wp-block-list\">\n<li class=\"has-medium-font-size\"><strong>Innovazione:&nbsp;<\/strong>sar\u00e0 valutato il grado di originalit\u00e0 del progetto, inclusi gli approcci innovativi e le tecnologie utilizzate per affrontare le sfide ESG. Progetti che propongono soluzioni pionieristiche e fuori dagli schemi saranno valutati in modo particolarmente positivo.&nbsp;<\/li>\n<\/ul>\n\n\n\n<ul class=\"wp-block-list\">\n<li class=\"has-medium-font-size\"><strong>Rilevanza:&nbsp;<\/strong>si esaminer\u00e0 l\u2019appropriatezza del progetto in relazione agli obiettivi ESG e alla capacit\u00e0 di rispondere alle necessit\u00e0 urgenti delle comunit\u00e0 e degli stakeholder. La pertinenza e l\u2019allineamento con le priorit\u00e0 globali di sostenibilit\u00e0 saranno valutati positivamente.&nbsp;<\/li>\n<\/ul>\n\n\n\n<ul class=\"wp-block-list\">\n<li class=\"has-medium-font-size\"><strong>Impatto Sociale:&nbsp;<\/strong>sar\u00e0 valutato l\u2019impatto del progetto sulla societ\u00e0, anche in termini di miglioramento nella qualit\u00e0 della vita, promozione dell&#8217;equit\u00e0 sociale e contributi al benessere delle comunit\u00e0. Progetti che determinano un impatto positivo tangibile e significativo sulla vita delle persone saranno considerati con priorit\u00e0.&nbsp;<\/li>\n<\/ul>\n\n\n\n<ul class=\"wp-block-list\">\n<li class=\"has-medium-font-size\"><strong>Coinvolgimento degli stakeholder:&nbsp;<\/strong>si valuter\u00e0 in che misura il progetto crea le premesse per l\u2019interlocuzione con i diversi stakeholder, inclusi dipendenti, comunit\u00e0 locali, clienti e fornitori. Progetti che promuovono una partecipazione attiva e una cooperazione efficace saranno privilegiati.&nbsp;<\/li>\n<\/ul>\n\n\n\n<ul class=\"wp-block-list\">\n<li class=\"has-medium-font-size\"><strong>Misurabilit\u00e0 dei risultati:&nbsp;<\/strong>si esaminer\u00e0 la disponibilit\u00e0 di metriche chiare e indicatori di performance per valutare il successo del progetto. Progetti che presentano dati concreti e misurabili sui risultati e relative implicazioni saranno valutati positivamente.<\/li>\n<\/ul>\n\n\n\n<div style=\"height:49px\" aria-hidden=\"true\" class=\"wp-block-spacer\"><\/div>\n\n\n    <div class=\"forbes-giurati-list\">\n                    <div class=\"forbes-giurato-item\">\n                                    <div class=\"forbes-giurato-image\">\n                        <img loading=\"lazy\" decoding=\"async\" width=\"300\" height=\"300\" src=\"https:\/\/eventi.forbes.it\/pharma-awards-esg-2026\/wp-content\/uploads\/sites\/11\/2026\/03\/gianmario_cinelli_cv-300x300.webp\" class=\"attachment-medium size-medium wp-post-image\" alt=\"\" srcset=\"https:\/\/eventi.forbes.it\/pharma-awards-esg-2026\/wp-content\/uploads\/sites\/11\/2026\/03\/gianmario_cinelli_cv-300x300.webp 300w, https:\/\/eventi.forbes.it\/pharma-awards-esg-2026\/wp-content\/uploads\/sites\/11\/2026\/03\/gianmario_cinelli_cv-1024x1024.webp 1024w, https:\/\/eventi.forbes.it\/pharma-awards-esg-2026\/wp-content\/uploads\/sites\/11\/2026\/03\/gianmario_cinelli_cv-150x150.webp 150w, https:\/\/eventi.forbes.it\/pharma-awards-esg-2026\/wp-content\/uploads\/sites\/11\/2026\/03\/gianmario_cinelli_cv-768x768.webp 768w, https:\/\/eventi.forbes.it\/pharma-awards-esg-2026\/wp-content\/uploads\/sites\/11\/2026\/03\/gianmario_cinelli_cv.webp 1200w\" sizes=\"auto, (max-width: 300px) 100vw, 300px\" \/>                    <\/div>\n                                <h3>Gianmario Cinelli<\/h3>\n                <div class=\"forbes-giurato-content\">Assistant Professor of Practice Divisione Government, Health and Nonprofit SDA Bocconi School of Management, Milan<\/div>\n            <\/div>\n                    <div class=\"forbes-giurato-item\">\n                                    <div class=\"forbes-giurato-image\">\n                        <img loading=\"lazy\" decoding=\"async\" width=\"300\" height=\"225\" src=\"https:\/\/eventi.forbes.it\/pharma-awards-esg-2026\/wp-content\/uploads\/sites\/11\/2025\/02\/antonio-gaudioso4-300x225.jpg\" class=\"attachment-medium size-medium wp-post-image\" alt=\"\" srcset=\"https:\/\/eventi.forbes.it\/pharma-awards-esg-2026\/wp-content\/uploads\/sites\/11\/2025\/02\/antonio-gaudioso4-300x225.jpg 300w, https:\/\/eventi.forbes.it\/pharma-awards-esg-2026\/wp-content\/uploads\/sites\/11\/2025\/02\/antonio-gaudioso4.jpg 400w\" sizes=\"auto, (max-width: 300px) 100vw, 300px\" \/>                    <\/div>\n                                <h3>Antonio Gaudioso<\/h3>\n                <div class=\"forbes-giurato-content\"><p>Professor of Health Management, Luiss Guido Carli University, Rome<\/p>\n<\/div>\n            <\/div>\n                    <div class=\"forbes-giurato-item\">\n                                    <div class=\"forbes-giurato-image\">\n                        <img loading=\"lazy\" decoding=\"async\" width=\"300\" height=\"188\" src=\"https:\/\/eventi.forbes.it\/pharma-awards-esg-2026\/wp-content\/uploads\/sites\/11\/2026\/04\/Giuliani-300x188.png\" class=\"attachment-medium size-medium wp-post-image\" alt=\"\" srcset=\"https:\/\/eventi.forbes.it\/pharma-awards-esg-2026\/wp-content\/uploads\/sites\/11\/2026\/04\/Giuliani-300x188.png 300w, https:\/\/eventi.forbes.it\/pharma-awards-esg-2026\/wp-content\/uploads\/sites\/11\/2026\/04\/Giuliani-768x480.png 768w, https:\/\/eventi.forbes.it\/pharma-awards-esg-2026\/wp-content\/uploads\/sites\/11\/2026\/04\/Giuliani.png 800w\" sizes=\"auto, (max-width: 300px) 100vw, 300px\" \/>                    <\/div>\n                                <h3>Elisa Giuliani<\/h3>\n                <div class=\"forbes-giurato-content\"><p>Professor of Management, Dept. Economics and Management, Responsible Management Research Center University of Pisa<\/p>\n<\/div>\n            <\/div>\n                    <div class=\"forbes-giurato-item\">\n                                    <div class=\"forbes-giurato-image\">\n                        <img loading=\"lazy\" decoding=\"async\" width=\"300\" height=\"300\" src=\"https:\/\/eventi.forbes.it\/pharma-awards-esg-2026\/wp-content\/uploads\/sites\/11\/2025\/03\/20230506_mc_0625-300x300.jpg\" class=\"attachment-medium size-medium wp-post-image\" alt=\"\" srcset=\"https:\/\/eventi.forbes.it\/pharma-awards-esg-2026\/wp-content\/uploads\/sites\/11\/2025\/03\/20230506_mc_0625-300x300.jpg 300w, https:\/\/eventi.forbes.it\/pharma-awards-esg-2026\/wp-content\/uploads\/sites\/11\/2025\/03\/20230506_mc_0625-1024x1024.jpg 1024w, https:\/\/eventi.forbes.it\/pharma-awards-esg-2026\/wp-content\/uploads\/sites\/11\/2025\/03\/20230506_mc_0625-150x150.jpg 150w, https:\/\/eventi.forbes.it\/pharma-awards-esg-2026\/wp-content\/uploads\/sites\/11\/2025\/03\/20230506_mc_0625-768x768.jpg 768w, https:\/\/eventi.forbes.it\/pharma-awards-esg-2026\/wp-content\/uploads\/sites\/11\/2025\/03\/20230506_mc_0625.jpg 1400w\" sizes=\"auto, (max-width: 300px) 100vw, 300px\" \/>                    <\/div>\n                                <h3>Guendalina Graffigna<\/h3>\n                <div class=\"forbes-giurato-content\"><p>Full Professor and Director of EngageMinds HUB \u2013 Consumer, Food &amp; Health Engagement Research Center, Department of Psychology &#8211; Cattolica del Sacro Cuore University, Piacenza-Cremona<\/p>\n<\/div>\n            <\/div>\n                    <div class=\"forbes-giurato-item\">\n                                    <div class=\"forbes-giurato-image\">\n                        <img loading=\"lazy\" decoding=\"async\" width=\"300\" height=\"178\" src=\"https:\/\/eventi.forbes.it\/pharma-awards-esg-2026\/wp-content\/uploads\/sites\/11\/2026\/04\/Paola-Profeta-300x178.jpg\" class=\"attachment-medium size-medium wp-post-image\" alt=\"\" srcset=\"https:\/\/eventi.forbes.it\/pharma-awards-esg-2026\/wp-content\/uploads\/sites\/11\/2026\/04\/Paola-Profeta-300x178.jpg 300w, https:\/\/eventi.forbes.it\/pharma-awards-esg-2026\/wp-content\/uploads\/sites\/11\/2026\/04\/Paola-Profeta-768x454.jpg 768w, https:\/\/eventi.forbes.it\/pharma-awards-esg-2026\/wp-content\/uploads\/sites\/11\/2026\/04\/Paola-Profeta.jpg 850w\" sizes=\"auto, (max-width: 300px) 100vw, 300px\" \/>                    <\/div>\n                                <h3>Paola Profeta<\/h3>\n                <div class=\"forbes-giurato-content\"><p>Dean for Diversity, Inclusion and Sustainability, Full Professor of Public Economics, Director Axa Research Lab on Gender Equality Bocconi University, Milan<\/p>\n<\/div>\n            <\/div>\n                    <div class=\"forbes-giurato-item\">\n                                    <div class=\"forbes-giurato-image\">\n                        <img loading=\"lazy\" decoding=\"async\" width=\"300\" height=\"300\" src=\"https:\/\/eventi.forbes.it\/pharma-awards-esg-2026\/wp-content\/uploads\/sites\/11\/2025\/03\/IMG_2491-300x300.jpg\" class=\"attachment-medium size-medium wp-post-image\" alt=\"\" srcset=\"https:\/\/eventi.forbes.it\/pharma-awards-esg-2026\/wp-content\/uploads\/sites\/11\/2025\/03\/IMG_2491-300x300.jpg 300w, https:\/\/eventi.forbes.it\/pharma-awards-esg-2026\/wp-content\/uploads\/sites\/11\/2025\/03\/IMG_2491-1022x1024.jpg 1022w, https:\/\/eventi.forbes.it\/pharma-awards-esg-2026\/wp-content\/uploads\/sites\/11\/2025\/03\/IMG_2491-150x150.jpg 150w, https:\/\/eventi.forbes.it\/pharma-awards-esg-2026\/wp-content\/uploads\/sites\/11\/2025\/03\/IMG_2491-768x769.jpg 768w, https:\/\/eventi.forbes.it\/pharma-awards-esg-2026\/wp-content\/uploads\/sites\/11\/2025\/03\/IMG_2491.jpg 1292w\" sizes=\"auto, (max-width: 300px) 100vw, 300px\" \/>                    <\/div>\n                                <h3>Tommaso Ranchino<\/h3>\n                <div class=\"forbes-giurato-content\"><p>Lawyer, Managing Partner Law Firm Ranchino \u2013 Partner MP Film, Rome<\/p>\n<\/div>\n            <\/div>\n                    <div class=\"forbes-giurato-item\">\n                                    <div class=\"forbes-giurato-image\">\n                        <img loading=\"lazy\" decoding=\"async\" width=\"225\" height=\"300\" src=\"https:\/\/eventi.forbes.it\/pharma-awards-esg-2026\/wp-content\/uploads\/sites\/11\/2026\/03\/DaS-photo-20161220-225x300.jpg\" class=\"attachment-medium size-medium wp-post-image\" alt=\"\" srcset=\"https:\/\/eventi.forbes.it\/pharma-awards-esg-2026\/wp-content\/uploads\/sites\/11\/2026\/03\/DaS-photo-20161220-225x300.jpg 225w, https:\/\/eventi.forbes.it\/pharma-awards-esg-2026\/wp-content\/uploads\/sites\/11\/2026\/03\/DaS-photo-20161220-769x1024.jpg 769w, https:\/\/eventi.forbes.it\/pharma-awards-esg-2026\/wp-content\/uploads\/sites\/11\/2026\/03\/DaS-photo-20161220-768x1023.jpg 768w, https:\/\/eventi.forbes.it\/pharma-awards-esg-2026\/wp-content\/uploads\/sites\/11\/2026\/03\/DaS-photo-20161220.jpg 902w\" sizes=\"auto, (max-width: 225px) 100vw, 225px\" \/>                    <\/div>\n                                <h3>Dario Sacchini<\/h3>\n                <div class=\"forbes-giurato-content\"><p>Associate Professor of Bioethics at Cattolica del Sacro Cuore University, Rome<\/p>\n<\/div>\n            <\/div>\n                    <div class=\"forbes-giurato-item\">\n                                    <div class=\"forbes-giurato-image\">\n                        <img loading=\"lazy\" decoding=\"async\" width=\"171\" height=\"195\" src=\"https:\/\/eventi.forbes.it\/pharma-awards-esg-2026\/wp-content\/uploads\/sites\/11\/2026\/03\/db39e6a4-55b3-4588-bb61-f181956b80d6.jpg\" class=\"attachment-medium size-medium wp-post-image\" alt=\"\" \/>                    <\/div>\n                                <h3>Isabella Saggio<\/h3>\n                <div class=\"forbes-giurato-content\"><p>PhD, Department of Biology and Biotechnology \u201cC. Darwin\u201d, La Sapienza University Rome<\/p>\n<\/div>\n            <\/div>\n                    <div class=\"forbes-giurato-item\">\n                                    <div class=\"forbes-giurato-image\">\n                        <img loading=\"lazy\" decoding=\"async\" width=\"200\" height=\"300\" src=\"https:\/\/eventi.forbes.it\/pharma-awards-esg-2026\/wp-content\/uploads\/sites\/11\/2026\/04\/Alberto-Eugenio-Tozzi-200x300.webp\" class=\"attachment-medium size-medium wp-post-image\" alt=\"\" srcset=\"https:\/\/eventi.forbes.it\/pharma-awards-esg-2026\/wp-content\/uploads\/sites\/11\/2026\/04\/Alberto-Eugenio-Tozzi-200x300.webp 200w, https:\/\/eventi.forbes.it\/pharma-awards-esg-2026\/wp-content\/uploads\/sites\/11\/2026\/04\/Alberto-Eugenio-Tozzi.webp 474w\" sizes=\"auto, (max-width: 200px) 100vw, 200px\" \/>                    <\/div>\n                                <h3>Alberto Eugenio Tozzi<\/h3>\n                <div class=\"forbes-giurato-content\"><p>Head of the Research Unit for Predictive and Preventive Medicine Bambino Ges\u00f9 Hospital Rome<\/p>\n<\/div>\n            <\/div>\n            <\/div>\n\n<\/div>\n<\/div>\n<\/div>\n<\/div>\n\n\n\n<div style=\"height:100px\" aria-hidden=\"true\" class=\"wp-block-spacer\"><\/div>\n\n\n\n<figure class=\"wp-block-gallery has-nested-images columns-default wp-block-gallery-1 is-layout-flex wp-block-gallery-is-layout-flex\">\n<figure class=\"wp-block-image size-large\"><img loading=\"lazy\" decoding=\"async\" width=\"1024\" height=\"1024\" data-id=\"278\" src=\"https:\/\/eventi.forbes.it\/pharma-awards-esg-2026\/wp-content\/uploads\/sites\/11\/2026\/04\/DS_logo_portrait_format_4c-1024x1024.png\" alt=\"\" class=\"wp-image-278\" srcset=\"https:\/\/eventi.forbes.it\/pharma-awards-esg-2026\/wp-content\/uploads\/sites\/11\/2026\/04\/DS_logo_portrait_format_4c-1024x1024.png 1024w, https:\/\/eventi.forbes.it\/pharma-awards-esg-2026\/wp-content\/uploads\/sites\/11\/2026\/04\/DS_logo_portrait_format_4c-300x300.png 300w, https:\/\/eventi.forbes.it\/pharma-awards-esg-2026\/wp-content\/uploads\/sites\/11\/2026\/04\/DS_logo_portrait_format_4c-150x150.png 150w, https:\/\/eventi.forbes.it\/pharma-awards-esg-2026\/wp-content\/uploads\/sites\/11\/2026\/04\/DS_logo_portrait_format_4c-768x768.png 768w, https:\/\/eventi.forbes.it\/pharma-awards-esg-2026\/wp-content\/uploads\/sites\/11\/2026\/04\/DS_logo_portrait_format_4c-1536x1536.png 1536w, https:\/\/eventi.forbes.it\/pharma-awards-esg-2026\/wp-content\/uploads\/sites\/11\/2026\/04\/DS_logo_portrait_format_4c-2048x2048.png 2048w\" sizes=\"auto, (max-width: 1024px) 100vw, 1024px\" \/><\/figure>\n\n\n\n<figure class=\"wp-block-image size-large\" style=\"margin-top:0;margin-right:0;margin-bottom:0;margin-left:0\"><img loading=\"lazy\" decoding=\"async\" width=\"1024\" height=\"820\" data-id=\"277\" src=\"https:\/\/eventi.forbes.it\/pharma-awards-esg-2026\/wp-content\/uploads\/sites\/11\/2026\/04\/Leo_Pharma_Logo_1-1024x820.jpg\" alt=\"\" class=\"wp-image-277\" srcset=\"https:\/\/eventi.forbes.it\/pharma-awards-esg-2026\/wp-content\/uploads\/sites\/11\/2026\/04\/Leo_Pharma_Logo_1-1024x820.jpg 1024w, https:\/\/eventi.forbes.it\/pharma-awards-esg-2026\/wp-content\/uploads\/sites\/11\/2026\/04\/Leo_Pharma_Logo_1-300x240.jpg 300w, https:\/\/eventi.forbes.it\/pharma-awards-esg-2026\/wp-content\/uploads\/sites\/11\/2026\/04\/Leo_Pharma_Logo_1-768x615.jpg 768w, https:\/\/eventi.forbes.it\/pharma-awards-esg-2026\/wp-content\/uploads\/sites\/11\/2026\/04\/Leo_Pharma_Logo_1-1536x1230.jpg 1536w, https:\/\/eventi.forbes.it\/pharma-awards-esg-2026\/wp-content\/uploads\/sites\/11\/2026\/04\/Leo_Pharma_Logo_1-2048x1640.jpg 2048w\" sizes=\"auto, (max-width: 1024px) 100vw, 1024px\" \/><\/figure>\n\n\n\n<figure class=\"wp-block-image size-large\" style=\"margin-top:0;margin-bottom:0\"><img loading=\"lazy\" decoding=\"async\" width=\"1024\" height=\"490\" data-id=\"275\" src=\"http:\/\/eventi.forbes.it\/pharma-awards-esg-2026\/wp-content\/uploads\/sites\/11\/2026\/04\/Lilly-AMC-Lockup-V-Red-RGB-scaled-e1775575175885-1024x490.png\" alt=\"\" class=\"wp-image-275\" srcset=\"https:\/\/eventi.forbes.it\/pharma-awards-esg-2026\/wp-content\/uploads\/sites\/11\/2026\/04\/Lilly-AMC-Lockup-V-Red-RGB-scaled-e1775575175885-1024x490.png 1024w, https:\/\/eventi.forbes.it\/pharma-awards-esg-2026\/wp-content\/uploads\/sites\/11\/2026\/04\/Lilly-AMC-Lockup-V-Red-RGB-scaled-e1775575175885-300x144.png 300w, https:\/\/eventi.forbes.it\/pharma-awards-esg-2026\/wp-content\/uploads\/sites\/11\/2026\/04\/Lilly-AMC-Lockup-V-Red-RGB-scaled-e1775575175885-768x368.png 768w, https:\/\/eventi.forbes.it\/pharma-awards-esg-2026\/wp-content\/uploads\/sites\/11\/2026\/04\/Lilly-AMC-Lockup-V-Red-RGB-scaled-e1775575175885-1536x735.png 1536w, https:\/\/eventi.forbes.it\/pharma-awards-esg-2026\/wp-content\/uploads\/sites\/11\/2026\/04\/Lilly-AMC-Lockup-V-Red-RGB-scaled-e1775575175885.png 1984w\" sizes=\"auto, (max-width: 1024px) 100vw, 1024px\" \/><\/figure>\n<\/figure>\n\n\n\n<div style=\"height:100px\" aria-hidden=\"true\" class=\"wp-block-spacer\"><\/div>\n\n\n\n<div style=\"height:50px\" aria-hidden=\"true\" class=\"wp-block-spacer\"><\/div>\n\n\n\n<footer class=\"wp-block-group alignfull forbes-page-footer has-global-padding is-layout-constrained wp-block-group-is-layout-constrained\">\n<h3 class=\"wp-block-heading has-text-align-center has-medium-font-size\"><strong>NOTE LEGALI<\/strong><\/h3>\n\n\n\n<p class=\"has-text-align-center has-small-font-size\">Con la partecipazione al Premio, i partecipanti dichiarano e garantiscono che i progetti sono frutto di lavoro originale e non violano in alcun modo diritti di terzi, inclusi, a titolo esemplificativo ma non esaustivo, diritti d&#8217;autore, marchi, brevetti o altri diritti di propriet\u00e0 intellettuale. <strong><a href=\"http:\/\/eventi.forbes.it\/pharma-awards-esg-2025\/wp-content\/uploads\/sites\/11\/2025\/01\/Forbes-Pharma-Awards-ESG-2025-Note-legali.pdf\" target=\"_blank\" rel=\"noreferrer noopener\">Leggi di pi\u00f9<\/a><\/strong><\/p>\n\n\n\n<p class=\"has-text-align-center has-small-font-size\">Per ulteriori informazioni \u00e8 possibile rivolgersi alla segreteria organizzativa di Pro Format Comunicazione:<br><a href=\"mailto:premioforbes@proformat.it\" target=\"_blank\" rel=\"noreferrer noopener\">premioforbes@proformat.it<\/a><\/p>\n\n\n\n<div style=\"height:31px\" aria-hidden=\"true\" class=\"wp-block-spacer\"><\/div>\n\n\n\n<div class=\"wp-block-group forbes-loghi is-nowrap is-layout-flex wp-container-core-group-is-layout-6c531013 wp-block-group-is-layout-flex\">\n<figure class=\"wp-block-image size-full\"><a href=\"https:\/\/forbes.it\" target=\"_blank\" rel=\" noreferrer noopener\"><img loading=\"lazy\" decoding=\"async\" width=\"600\" height=\"205\" src=\"http:\/\/eventi.forbes.it\/pharma-awards-esg-2025\/wp-content\/uploads\/sites\/11\/2025\/01\/forbes-italia.png\" alt=\"\" class=\"wp-image-12\" title=\"Forbes.it\" srcset=\"https:\/\/eventi.forbes.it\/pharma-awards-esg-2026\/wp-content\/uploads\/sites\/11\/2025\/01\/forbes-italia.png 600w, https:\/\/eventi.forbes.it\/pharma-awards-esg-2026\/wp-content\/uploads\/sites\/11\/2025\/01\/forbes-italia-300x103.png 300w\" sizes=\"auto, (max-width: 600px) 100vw, 600px\" \/><\/a><\/figure>\n\n\n\n<figure class=\"wp-block-image size-full\"><a href=\"https:\/\/www.mpfilm.it\/\" target=\"_blank\" rel=\" noreferrer noopener\"><img loading=\"lazy\" decoding=\"async\" width=\"599\" height=\"600\" src=\"http:\/\/eventi.forbes.it\/pharma-awards-esg-2025\/wp-content\/uploads\/sites\/11\/2025\/01\/mpfilm.png\" alt=\"\" class=\"wp-image-13\" srcset=\"https:\/\/eventi.forbes.it\/pharma-awards-esg-2026\/wp-content\/uploads\/sites\/11\/2025\/01\/mpfilm.png 599w, https:\/\/eventi.forbes.it\/pharma-awards-esg-2026\/wp-content\/uploads\/sites\/11\/2025\/01\/mpfilm-300x300.png 300w, https:\/\/eventi.forbes.it\/pharma-awards-esg-2026\/wp-content\/uploads\/sites\/11\/2025\/01\/mpfilm-150x150.png 150w\" sizes=\"auto, (max-width: 599px) 100vw, 599px\" \/><\/a><\/figure>\n\n\n\n<figure class=\"wp-block-image size-full\"><a href=\"https:\/\/www.proformatcomunicazione.it\/\" target=\"_blank\" rel=\" noreferrer noopener\"><img loading=\"lazy\" decoding=\"async\" width=\"566\" height=\"180\" src=\"http:\/\/eventi.forbes.it\/pharma-awards-esg-2025\/wp-content\/uploads\/sites\/11\/2025\/01\/Prima-comunicazione.png\" alt=\"\" class=\"wp-image-15\" srcset=\"https:\/\/eventi.forbes.it\/pharma-awards-esg-2026\/wp-content\/uploads\/sites\/11\/2025\/01\/Prima-comunicazione.png 566w, https:\/\/eventi.forbes.it\/pharma-awards-esg-2026\/wp-content\/uploads\/sites\/11\/2025\/01\/Prima-comunicazione-300x95.png 300w\" sizes=\"auto, (max-width: 566px) 100vw, 566px\" \/><\/a><\/figure>\n<\/div>\n<\/footer>\n","protected":false},"excerpt":{"rendered":"<p>Forbes ItaliaESG-SustainabilityPharma Awards Promuove l&#8217;eccellenza nel campo della sostenibilit\u00e0 ambientale, sociale e di governance nel settore farmaceutico Le imprese stanno sempre pi\u00f9 integrando i criteri ESG (Environmental, Social, Governance), derivati dall\u2019Agenda ONU 2030, nelle loro strategie, riconoscendo la sostenibilit\u00e0 come un valore chiave per reputazione, competitivit\u00e0 e performance finanziarie. Il settore farmaceutico, data la sua [&hellip;]<\/p>\n","protected":false},"author":3,"featured_media":0,"parent":0,"menu_order":0,"comment_status":"closed","ping_status":"closed","template":"","meta":{"_acf_changed":false,"inline_featured_image":false,"footnotes":""},"class_list":["post-6","page","type-page","status-publish","hentry"],"acf":[],"yoast_head":"<!-- This site is optimized with the Yoast SEO plugin v27.5 - https:\/\/yoast.com\/product\/yoast-seo-wordpress\/ -->\n<title>Forbes Pharma Awards ESG Sustainability 2026 - Forbes Pharma Awards ESG Sustainability 2026<\/title>\n<meta name=\"robots\" content=\"index, follow, max-snippet:-1, max-image-preview:large, max-video-preview:-1\" \/>\n<link rel=\"canonical\" href=\"https:\/\/eventi.forbes.it\/pharma-awards-esg-2026\/\" \/>\n<meta property=\"og:locale\" content=\"it_IT\" \/>\n<meta property=\"og:type\" content=\"article\" \/>\n<meta property=\"og:title\" content=\"Forbes Pharma Awards ESG Sustainability 2026 - Forbes Pharma Awards ESG Sustainability 2026\" \/>\n<meta property=\"og:description\" content=\"Forbes ItaliaESG-SustainabilityPharma Awards Promuove l&#8217;eccellenza nel campo della sostenibilit\u00e0 ambientale, sociale e di governance nel settore farmaceutico Le imprese stanno sempre pi\u00f9 integrando i criteri ESG (Environmental, Social, Governance), derivati dall\u2019Agenda ONU 2030, nelle loro strategie, riconoscendo la sostenibilit\u00e0 come un valore chiave per reputazione, competitivit\u00e0 e performance finanziarie. Il settore farmaceutico, data la sua [&hellip;]\" \/>\n<meta property=\"og:url\" content=\"https:\/\/eventi.forbes.it\/pharma-awards-esg-2026\/\" \/>\n<meta property=\"og:site_name\" content=\"Forbes Pharma Awards ESG Sustainability 2026\" \/>\n<meta property=\"article:modified_time\" content=\"2026-04-07T15:20:04+00:00\" \/>\n<meta property=\"og:image\" content=\"https:\/\/eventi.forbes.it\/pharma-awards-esg-2026\/wp-content\/uploads\/sites\/11\/2026\/03\/Logo_Pharma-Awards-2026-scaled.png\" \/>\n<meta name=\"twitter:card\" content=\"summary_large_image\" \/>\n<meta name=\"twitter:label1\" content=\"Tempo di lettura stimato\" \/>\n\t<meta name=\"twitter:data1\" content=\"7 minuti\" \/>\n<script type=\"application\/ld+json\" class=\"yoast-schema-graph\">{\"@context\":\"https:\\\/\\\/schema.org\",\"@graph\":[{\"@type\":\"WebPage\",\"@id\":\"https:\\\/\\\/eventi.forbes.it\\\/pharma-awards-esg-2026\\\/\",\"url\":\"https:\\\/\\\/eventi.forbes.it\\\/pharma-awards-esg-2026\\\/\",\"name\":\"Forbes Pharma Awards ESG Sustainability 2026 - Forbes Pharma Awards ESG Sustainability 2026\",\"isPartOf\":{\"@id\":\"https:\\\/\\\/eventi.forbes.it\\\/pharma-awards-esg-2026\\\/#website\"},\"primaryImageOfPage\":{\"@id\":\"https:\\\/\\\/eventi.forbes.it\\\/pharma-awards-esg-2026\\\/#primaryimage\"},\"image\":{\"@id\":\"https:\\\/\\\/eventi.forbes.it\\\/pharma-awards-esg-2026\\\/#primaryimage\"},\"thumbnailUrl\":\"https:\\\/\\\/eventi.forbes.it\\\/pharma-awards-esg-2026\\\/wp-content\\\/uploads\\\/sites\\\/11\\\/2026\\\/03\\\/Logo_Pharma-Awards-2026-scaled.png\",\"datePublished\":\"2025-01-21T14:29:07+00:00\",\"dateModified\":\"2026-04-07T15:20:04+00:00\",\"breadcrumb\":{\"@id\":\"https:\\\/\\\/eventi.forbes.it\\\/pharma-awards-esg-2026\\\/#breadcrumb\"},\"inLanguage\":\"it-IT\",\"potentialAction\":[{\"@type\":\"ReadAction\",\"target\":[\"https:\\\/\\\/eventi.forbes.it\\\/pharma-awards-esg-2026\\\/\"]}]},{\"@type\":\"ImageObject\",\"inLanguage\":\"it-IT\",\"@id\":\"https:\\\/\\\/eventi.forbes.it\\\/pharma-awards-esg-2026\\\/#primaryimage\",\"url\":\"https:\\\/\\\/eventi.forbes.it\\\/pharma-awards-esg-2026\\\/wp-content\\\/uploads\\\/sites\\\/11\\\/2026\\\/03\\\/Logo_Pharma-Awards-2026-scaled.png\",\"contentUrl\":\"https:\\\/\\\/eventi.forbes.it\\\/pharma-awards-esg-2026\\\/wp-content\\\/uploads\\\/sites\\\/11\\\/2026\\\/03\\\/Logo_Pharma-Awards-2026-scaled.png\",\"width\":2560,\"height\":649},{\"@type\":\"BreadcrumbList\",\"@id\":\"https:\\\/\\\/eventi.forbes.it\\\/pharma-awards-esg-2026\\\/#breadcrumb\",\"itemListElement\":[{\"@type\":\"ListItem\",\"position\":1,\"name\":\"Home\",\"item\":\"https:\\\/\\\/eventi.forbes.it\\\/pharma-awards-esg-2026\\\/\"},{\"@type\":\"ListItem\",\"position\":2,\"name\":\"Forbes Pharma Awards ESG Sustainability 2026\"}]},{\"@type\":\"WebSite\",\"@id\":\"https:\\\/\\\/eventi.forbes.it\\\/pharma-awards-esg-2026\\\/#website\",\"url\":\"https:\\\/\\\/eventi.forbes.it\\\/pharma-awards-esg-2026\\\/\",\"name\":\"Forbes Pharma Awards ESG Sustainability 2026\",\"description\":\"\",\"potentialAction\":[{\"@type\":\"SearchAction\",\"target\":{\"@type\":\"EntryPoint\",\"urlTemplate\":\"https:\\\/\\\/eventi.forbes.it\\\/pharma-awards-esg-2026\\\/?s={search_term_string}\"},\"query-input\":{\"@type\":\"PropertyValueSpecification\",\"valueRequired\":true,\"valueName\":\"search_term_string\"}}],\"inLanguage\":\"it-IT\"}]}<\/script>\n<!-- \/ Yoast SEO plugin. -->","yoast_head_json":{"title":"Forbes Pharma Awards ESG Sustainability 2026 - Forbes Pharma Awards ESG Sustainability 2026","robots":{"index":"index","follow":"follow","max-snippet":"max-snippet:-1","max-image-preview":"max-image-preview:large","max-video-preview":"max-video-preview:-1"},"canonical":"https:\/\/eventi.forbes.it\/pharma-awards-esg-2026\/","og_locale":"it_IT","og_type":"article","og_title":"Forbes Pharma Awards ESG Sustainability 2026 - Forbes Pharma Awards ESG Sustainability 2026","og_description":"Forbes ItaliaESG-SustainabilityPharma Awards Promuove l&#8217;eccellenza nel campo della sostenibilit\u00e0 ambientale, sociale e di governance nel settore farmaceutico Le imprese stanno sempre pi\u00f9 integrando i criteri ESG (Environmental, Social, Governance), derivati dall\u2019Agenda ONU 2030, nelle loro strategie, riconoscendo la sostenibilit\u00e0 come un valore chiave per reputazione, competitivit\u00e0 e performance finanziarie. Il settore farmaceutico, data la sua [&hellip;]","og_url":"https:\/\/eventi.forbes.it\/pharma-awards-esg-2026\/","og_site_name":"Forbes Pharma Awards ESG Sustainability 2026","article_modified_time":"2026-04-07T15:20:04+00:00","og_image":[{"url":"https:\/\/eventi.forbes.it\/pharma-awards-esg-2026\/wp-content\/uploads\/sites\/11\/2026\/03\/Logo_Pharma-Awards-2026-scaled.png","type":"","width":"","height":""}],"twitter_card":"summary_large_image","twitter_misc":{"Tempo di lettura stimato":"7 minuti"},"schema":{"@context":"https:\/\/schema.org","@graph":[{"@type":"WebPage","@id":"https:\/\/eventi.forbes.it\/pharma-awards-esg-2026\/","url":"https:\/\/eventi.forbes.it\/pharma-awards-esg-2026\/","name":"Forbes Pharma Awards ESG Sustainability 2026 - Forbes Pharma Awards ESG Sustainability 2026","isPartOf":{"@id":"https:\/\/eventi.forbes.it\/pharma-awards-esg-2026\/#website"},"primaryImageOfPage":{"@id":"https:\/\/eventi.forbes.it\/pharma-awards-esg-2026\/#primaryimage"},"image":{"@id":"https:\/\/eventi.forbes.it\/pharma-awards-esg-2026\/#primaryimage"},"thumbnailUrl":"https:\/\/eventi.forbes.it\/pharma-awards-esg-2026\/wp-content\/uploads\/sites\/11\/2026\/03\/Logo_Pharma-Awards-2026-scaled.png","datePublished":"2025-01-21T14:29:07+00:00","dateModified":"2026-04-07T15:20:04+00:00","breadcrumb":{"@id":"https:\/\/eventi.forbes.it\/pharma-awards-esg-2026\/#breadcrumb"},"inLanguage":"it-IT","potentialAction":[{"@type":"ReadAction","target":["https:\/\/eventi.forbes.it\/pharma-awards-esg-2026\/"]}]},{"@type":"ImageObject","inLanguage":"it-IT","@id":"https:\/\/eventi.forbes.it\/pharma-awards-esg-2026\/#primaryimage","url":"https:\/\/eventi.forbes.it\/pharma-awards-esg-2026\/wp-content\/uploads\/sites\/11\/2026\/03\/Logo_Pharma-Awards-2026-scaled.png","contentUrl":"https:\/\/eventi.forbes.it\/pharma-awards-esg-2026\/wp-content\/uploads\/sites\/11\/2026\/03\/Logo_Pharma-Awards-2026-scaled.png","width":2560,"height":649},{"@type":"BreadcrumbList","@id":"https:\/\/eventi.forbes.it\/pharma-awards-esg-2026\/#breadcrumb","itemListElement":[{"@type":"ListItem","position":1,"name":"Home","item":"https:\/\/eventi.forbes.it\/pharma-awards-esg-2026\/"},{"@type":"ListItem","position":2,"name":"Forbes Pharma Awards ESG Sustainability 2026"}]},{"@type":"WebSite","@id":"https:\/\/eventi.forbes.it\/pharma-awards-esg-2026\/#website","url":"https:\/\/eventi.forbes.it\/pharma-awards-esg-2026\/","name":"Forbes Pharma Awards ESG Sustainability 2026","description":"","potentialAction":[{"@type":"SearchAction","target":{"@type":"EntryPoint","urlTemplate":"https:\/\/eventi.forbes.it\/pharma-awards-esg-2026\/?s={search_term_string}"},"query-input":{"@type":"PropertyValueSpecification","valueRequired":true,"valueName":"search_term_string"}}],"inLanguage":"it-IT"}]}},"_links":{"self":[{"href":"https:\/\/eventi.forbes.it\/pharma-awards-esg-2026\/wp-json\/wp\/v2\/pages\/6","targetHints":{"allow":["GET"]}}],"collection":[{"href":"https:\/\/eventi.forbes.it\/pharma-awards-esg-2026\/wp-json\/wp\/v2\/pages"}],"about":[{"href":"https:\/\/eventi.forbes.it\/pharma-awards-esg-2026\/wp-json\/wp\/v2\/types\/page"}],"author":[{"embeddable":true,"href":"https:\/\/eventi.forbes.it\/pharma-awards-esg-2026\/wp-json\/wp\/v2\/users\/3"}],"replies":[{"embeddable":true,"href":"https:\/\/eventi.forbes.it\/pharma-awards-esg-2026\/wp-json\/wp\/v2\/comments?post=6"}],"version-history":[{"count":55,"href":"https:\/\/eventi.forbes.it\/pharma-awards-esg-2026\/wp-json\/wp\/v2\/pages\/6\/revisions"}],"predecessor-version":[{"id":293,"href":"https:\/\/eventi.forbes.it\/pharma-awards-esg-2026\/wp-json\/wp\/v2\/pages\/6\/revisions\/293"}],"wp:attachment":[{"href":"https:\/\/eventi.forbes.it\/pharma-awards-esg-2026\/wp-json\/wp\/v2\/media?parent=6"}],"curies":[{"name":"wp","href":"https:\/\/api.w.org\/{rel}","templated":true}]}}